{"id":135,"date":"2022-08-23T18:09:23","date_gmt":"2022-08-23T16:09:23","guid":{"rendered":"https:\/\/clairetdegaillon.fr\/?page_id=135"},"modified":"2022-08-23T18:26:45","modified_gmt":"2022-08-23T16:26:45","slug":"cycle-de-la-vigne","status":"publish","type":"page","link":"https:\/\/clairetdegaillon.fr\/index.php\/cycle-de-la-vigne\/","title":{"rendered":"Cycle de la vigne"},"content":{"rendered":"\n<div class=\"wp-block-media-text alignwide is-stacked-on-mobile\"><figure class=\"wp-block-media-text__media\"><img loading=\"lazy\" decoding=\"async\" width=\"264\" height=\"198\" src=\"https:\/\/clairetdegaillon.fr\/wp-content\/uploads\/2022\/08\/conduite_02.webp\" alt=\"\" class=\"wp-image-139 size-full\"\/><\/figure><div class=\"wp-block-media-text__content\">\n<p style=\"font-size:15px\"><strong>L&rsquo;hivernage.<\/strong><\/p>\n\n\n\n<p style=\"font-size:14px\">Le vigneron en hiver passe plus de temps \u00e0 la cave \u00e0 observer son vin qui d\u00e9cante sagement dans les f\u00fbts, qu&rsquo;\u00e0 la vigne qui savoure un repos hivernal bien m\u00e9rit\u00e9.<\/p>\n<\/div><\/div>\n\n\n\n<div class=\"wp-block-media-text alignwide has-media-on-the-right is-stacked-on-mobile is-vertically-aligned-center\"><figure class=\"wp-block-media-text__media\"><img loading=\"lazy\" decoding=\"async\" width=\"264\" height=\"208\" src=\"https:\/\/clairetdegaillon.fr\/wp-content\/uploads\/2022\/08\/conduite_03.webp\" alt=\"\" class=\"wp-image-141 size-full\"\/><\/figure><div class=\"wp-block-media-text__content\">\n<p style=\"font-size:15px\"><strong>La taille.<\/strong><\/p>\n\n\n\n<p style=\"font-size:14px\">Puis vient le mois de mars, mois id\u00e9al pour tailler la vigne.<\/p>\n\n\n\n<p class=\"has-black-color has-text-color\" style=\"font-size:14px\">En effet, d\u00e8s que la temp\u00e9rature du sol d\u00e9passe 10\u00b0, les racines sortent de leur torpeur hivernale et poussent la s\u00e8ve brute vers la partie a\u00e9rienne. La s\u00e8ve <strong>percole<\/strong> alors au travers des plaies de taille et on dit que la vigne <strong>pleure<\/strong>.<\/p>\n<\/div><\/div>\n\n\n\n<div class=\"wp-block-media-text alignwide is-stacked-on-mobile is-vertically-aligned-center\" style=\"grid-template-columns:55% auto\"><figure class=\"wp-block-media-text__media\"><img loading=\"lazy\" decoding=\"async\" width=\"1000\" height=\"726\" src=\"https:\/\/clairetdegaillon.fr\/wp-content\/uploads\/2022\/08\/debourement.webp\" alt=\"\" class=\"wp-image-144 size-full\" srcset=\"https:\/\/clairetdegaillon.fr\/wp-content\/uploads\/2022\/08\/debourement.webp 1000w, https:\/\/clairetdegaillon.fr\/wp-content\/uploads\/2022\/08\/debourement-300x218.webp 300w, https:\/\/clairetdegaillon.fr\/wp-content\/uploads\/2022\/08\/debourement-768x558.webp 768w\" sizes=\"auto, (max-width: 767px) 89vw, (max-width: 1000px) 54vw, (max-width: 1071px) 543px, 580px\" \/><\/figure><div class=\"wp-block-media-text__content\">\n<p style=\"font-size:14px\">Puis la croissance de la vigne se poursuit.<\/p>\n\n\n\n<p style=\"font-size:14px\">Les bourgeon&nbsp;qui ont pass\u00e9 l\u2019hiver au chaud prot\u00e9g\u00e9s par la bourre qui les entoure, font exploser cette protection et montrent le petit bout de leur nez vert&nbsp;:&nbsp;<\/p>\n\n\n\n<p style=\"font-size:14px\">C\u2019est&nbsp;<strong>le d\u00e9bourrement<\/strong>.&nbsp;<\/p>\n\n\n\n<p style=\"font-size:14px\">Ce stade est crucial car les bourgeons turgescents sont tr\u00e8s sensibles \u00e0 la moindre gel\u00e9e.Le printemps poursuit sa marche forc\u00e9e vers les beaux jours et la vigne exprime sa vigueur jusqu\u2019alors contenue.<\/p>\n<\/div><\/div>\n\n\n\n<p style=\"font-size:14px\">Les feuilles apparaissent, se d\u00e9veloppent, les jeunes rameaux croissent en longueur.<\/p>\n\n\n\n<figure class=\"wp-block-gallery has-nested-images columns-default is-cropped wp-block-gallery-1 is-layout-flex wp-block-gallery-is-layout-flex\">\n<figure class=\"wp-block-image size-large\"><img loading=\"lazy\" decoding=\"async\" width=\"1024\" height=\"715\" data-id=\"146\" src=\"https:\/\/clairetdegaillon.fr\/wp-content\/uploads\/2022\/08\/feuilles0-1024x715.webp\" alt=\"\" class=\"wp-image-146\" srcset=\"https:\/\/clairetdegaillon.fr\/wp-content\/uploads\/2022\/08\/feuilles0-1024x715.webp 1024w, https:\/\/clairetdegaillon.fr\/wp-content\/uploads\/2022\/08\/feuilles0-300x210.webp 300w, https:\/\/clairetdegaillon.fr\/wp-content\/uploads\/2022\/08\/feuilles0-768x536.webp 768w, https:\/\/clairetdegaillon.fr\/wp-content\/uploads\/2022\/08\/feuilles0.webp 1041w\" sizes=\"auto, (max-width: 767px) 89vw, (max-width: 1000px) 54vw, (max-width: 1071px) 543px, 580px\" \/><\/figure>\n\n\n\n<figure class=\"wp-block-image size-large\"><img loading=\"lazy\" decoding=\"async\" width=\"636\" height=\"474\" data-id=\"147\" src=\"https:\/\/clairetdegaillon.fr\/wp-content\/uploads\/2022\/08\/feuilles.webp\" alt=\"\" class=\"wp-image-147\" srcset=\"https:\/\/clairetdegaillon.fr\/wp-content\/uploads\/2022\/08\/feuilles.webp 636w, https:\/\/clairetdegaillon.fr\/wp-content\/uploads\/2022\/08\/feuilles-300x224.webp 300w\" sizes=\"auto, (max-width: 636px) 100vw, 636px\" \/><\/figure>\n<\/figure>\n\n\n\n<div class=\"wp-block-media-text alignwide has-media-on-the-right is-stacked-on-mobile\"><figure class=\"wp-block-media-text__media\"><img loading=\"lazy\" decoding=\"async\" width=\"634\" height=\"473\" src=\"https:\/\/clairetdegaillon.fr\/wp-content\/uploads\/2022\/08\/sortie_grappe.webp\" alt=\"\" class=\"wp-image-149 size-full\" srcset=\"https:\/\/clairetdegaillon.fr\/wp-content\/uploads\/2022\/08\/sortie_grappe.webp 634w, https:\/\/clairetdegaillon.fr\/wp-content\/uploads\/2022\/08\/sortie_grappe-300x224.webp 300w\" sizes=\"auto, (max-width: 634px) 100vw, 634px\" \/><\/figure><div class=\"wp-block-media-text__content\">\n<p style=\"font-size:14px\">Bient\u00f4t, spectacle sublime pour le vigneron, les grappes sortent de leur \u00e9tat primal et \u00e9talent la premi\u00e8re promesse de r\u00e9colte.&nbsp;<\/p>\n\n\n\n<p style=\"font-size:14px\">Ce stade se nomme \u00ab&nbsp;<strong>la sortie des grappes<\/strong>&nbsp;\u00bb ou plus simplement \u00ab&nbsp;<strong>sortie<\/strong>&nbsp;\u00bb.<\/p>\n\n\n\n<p style=\"font-size:14px\">Ici, le vigneron&nbsp;peut observer ce que peut \u00eatre potentiellement la prochaine r\u00e9colte qui d\u00e9pend directement de la g\u00e9n\u00e9rosit\u00e9 de cette&nbsp;\u00ab&nbsp;sortie&nbsp;\u00bb.<\/p>\n<\/div><\/div>\n\n\n\n<div class=\"wp-block-media-text alignwide is-stacked-on-mobile\"><figure class=\"wp-block-media-text__media\"><img loading=\"lazy\" decoding=\"async\" width=\"321\" height=\"241\" src=\"https:\/\/clairetdegaillon.fr\/wp-content\/uploads\/2022\/08\/fleure-1.webp\" alt=\"\" class=\"wp-image-150 size-full\" srcset=\"https:\/\/clairetdegaillon.fr\/wp-content\/uploads\/2022\/08\/fleure-1.webp 321w, https:\/\/clairetdegaillon.fr\/wp-content\/uploads\/2022\/08\/fleure-1-300x225.webp 300w\" sizes=\"auto, (max-width: 321px) 100vw, 321px\" \/><\/figure><div class=\"wp-block-media-text__content\">\n<p style=\"font-size:14px\">La saison avance et nous voici en juin. C\u2019est le mois de la fleur.<\/p>\n\n\n\n<p style=\"font-size:14px\">Les fleurs de vigne sont r\u00e9duites au strict n\u00e9cessaire, <strong>un pistil<\/strong> et <strong>des \u00e9tamines<\/strong>.<\/p>\n\n\n\n<p style=\"font-size:14px\"><strong>L\u2019ovaire <\/strong>qui est situ\u00e9 sous le pistil donnera apr\u00e8s f\u00e9condation une baie de raisin.<\/p>\n\n\n\n<p style=\"font-size:14px\">La grande crainte du vigneron pendant cette p\u00e9riode tr\u00e8s d\u00e9licate de la floraison, c\u2019est la <strong>coulure<\/strong>.&nbsp;<\/p>\n\n\n\n<p style=\"font-size:14px\">En effet, lorsque les conditions climatiques sont mauvaises (pluies, froid&#8230;) la floraison peut \u00eatre perturb\u00e9e et les ovaires non f\u00e9cond\u00e9s ne formeront pas de baies.&nbsp;La future r\u00e9colte s\u2019en trouvera diminu\u00e9e d\u2019autant.<\/p>\n<\/div><\/div>\n\n\n\n<div class=\"wp-block-media-text alignwide has-media-on-the-right is-stacked-on-mobile\"><figure class=\"wp-block-media-text__media\"><img loading=\"lazy\" decoding=\"async\" width=\"749\" height=\"558\" src=\"https:\/\/clairetdegaillon.fr\/wp-content\/uploads\/2022\/08\/nouaison.webp\" alt=\"\" class=\"wp-image-151 size-full\" srcset=\"https:\/\/clairetdegaillon.fr\/wp-content\/uploads\/2022\/08\/nouaison.webp 749w, https:\/\/clairetdegaillon.fr\/wp-content\/uploads\/2022\/08\/nouaison-300x223.webp 300w\" sizes=\"auto, (max-width: 706px) 89vw, (max-width: 767px) 82vw, 740px\" \/><\/figure><div class=\"wp-block-media-text__content\">\n<p style=\"font-size:14px\">Juin Juillet, la fleur pass\u00e9e, les futures baies se forment\u00a0: c\u2019est <strong>la nouaison<\/strong>.<\/p>\n<\/div><\/div>\n\n\n\n<div class=\"wp-block-media-text alignwide is-stacked-on-mobile\"><figure class=\"wp-block-media-text__media\"><img loading=\"lazy\" decoding=\"async\" width=\"264\" height=\"209\" src=\"https:\/\/clairetdegaillon.fr\/wp-content\/uploads\/2022\/08\/conduite_10.webp\" alt=\"\" class=\"wp-image-152 size-full\"\/><\/figure><div class=\"wp-block-media-text__content\">\n<p style=\"font-size:14px\">Juillet et ao\u00fbt vont permettre aux baies de prendre du volume&nbsp; et de se gorger de sucre gr\u00e2ce \u00e0 cette merveilleuse usine chimique qu\u2019est la feuille qui transforme l\u2019\u00e9nergie solaire en glucose et fructose&nbsp;:<\/p>\n\n\n\n<p style=\"font-size:14px\">c\u2019est <strong>la v\u00e9raison<\/strong>, phase premi\u00e8re de la maturation&nbsp; qui \u00e0 sa pl\u00e9nitude permettra au vigneron de r\u00e9colter des fruits m\u00fbrs.<\/p>\n<\/div><\/div>\n\n\n\n<div class=\"wp-block-media-text alignwide has-media-on-the-right is-stacked-on-mobile\"><figure class=\"wp-block-media-text__media\"><img loading=\"lazy\" decoding=\"async\" width=\"640\" height=\"427\" src=\"https:\/\/clairetdegaillon.fr\/wp-content\/uploads\/2022\/08\/25389-211103231925959-0-640x427-1.jpg\" alt=\"\" class=\"wp-image-153 size-full\" srcset=\"https:\/\/clairetdegaillon.fr\/wp-content\/uploads\/2022\/08\/25389-211103231925959-0-640x427-1.jpg 640w, https:\/\/clairetdegaillon.fr\/wp-content\/uploads\/2022\/08\/25389-211103231925959-0-640x427-1-300x200.jpg 300w\" sizes=\"auto, (max-width: 640px) 100vw, 640px\" \/><\/figure><div class=\"wp-block-media-text__content\">\n<p style=\"font-size:14px\">Ce sera alors la p\u00e9riode b\u00e9nie des vendanges.<\/p>\n<\/div><\/div>\n\n\n\n<p style=\"font-size:14px\">Puis les beaux jours s&rsquo;en vont et le vigneron ne peut rester inactif.<\/p>\n\n\n\n<p style=\"font-size:14px\">Il doit proc\u00e9der \u00e0 diverses fa\u00e7ons culturales, se pr\u00e9munir contre les maladies et les ravageurs&nbsp; ainsi que contre les mauvaises herbes.<\/p>\n\n\n\n<p style=\"font-size:14px\">Tout au long de son cycle v\u00e9g\u00e9tatif, la vigne se montre jalouse de soins, le vigneron\u00a0 qui l\u2019a pour \u00ab\u00a0maitresse\u00a0\u00bb doit sans arr\u00eat la dorloter, la choyer faute de quoi elle se montrera ingrate jusqu\u2019\u00e0 oublier sa mission principale\u00a0: produire de bons et beaux raisins.<\/p>\n\n\n\n<p style=\"font-size:14px\">Apr\u00e8s la taille dite d\u2019hiver qui consiste essentiellement \u00e0 l\u2019amputation des bourgeons inutiles pour ne garder que les productifs, toutes les autres interventions ont pour but de r\u00e9-\u00e9quilibrer l\u2019expression v\u00e9g\u00e9tative vers la production de fruits.<\/p>\n\n\n\n<p style=\"font-size:14px\">Ce sont , dans l\u2019ordre\u00a0: l<strong>\u2019\u00e9bourgeonnage<\/strong>,\u00a0 l\u2019<strong>\u00e9pamprage<\/strong>, l\u2019<strong>effeuillage<\/strong>, et \u00e9ventuellement <strong>la r\u00e9colte en vert<\/strong>.<\/p>\n\n\n\n<p><\/p>\n\n\n\n<p style=\"font-size:14px\">Les principales maladies sont caus\u00e9s par des champignons microscopiques affam\u00e9s de verdure susceptibles de provoquer des d\u00e9g\u00e2ts consid\u00e9rables.\u00a0<\/p>\n\n\n\n<p style=\"font-size:14px\">Ce sont&nbsp; le <strong>mildiou<\/strong> (Plasmopara viticola),&nbsp; l\u2019<strong>o\u00efdium<\/strong> (Uncinula necator) et la <strong>pourriture grise<\/strong> (Botrytis cinerea).<\/p>\n\n\n\n<p style=\"font-size:14px\">Fort opportun\u00e9ment, les deux vari\u00e9t\u00e9s choisies pour produire le Clairet de Gaillon sont naturellement r\u00e9sistantes \u00e0 ces maladies ce qui permettra de limiter au minimum les interventions pistouflaires.<\/p>\n\n\n\n<p style=\"font-size:14px\">Quant aux ravageurs, on trouve toutes sortes de bestioles de la plus minuscule (araign\u00e9es jaunes et rouges, papillons)\u00a0 \u00e0 la plus grosse, en l\u2019occurrence le tr\u00e8s moqueur merle noir (Turdus merula).<\/p>\n","protected":false},"excerpt":{"rendered":"<p>L&rsquo;hivernage. Le vigneron en hiver passe plus de temps \u00e0 la cave \u00e0 observer son vin qui d\u00e9cante sagement dans les f\u00fbts, qu&rsquo;\u00e0 la vigne qui savoure un repos hivernal bien m\u00e9rit\u00e9. La taille. Puis vient le mois de mars, mois id\u00e9al pour tailler la vigne. En effet, d\u00e8s que la temp\u00e9rature du sol d\u00e9passe &hellip; <\/p>\n<p class=\"link-more\"><a href=\"https:\/\/clairetdegaillon.fr\/index.php\/cycle-de-la-vigne\/\" class=\"more-link\">Continuer la lecture<span class=\"screen-reader-text\"> de &laquo;&nbsp;Cycle de la vigne&nbsp;&raquo;<\/span><\/a><\/p>\n","protected":false},"author":1,"featured_media":0,"parent":0,"menu_order":0,"comment_status":"closed","ping_status":"closed","template":"","meta":{"footnotes":""},"class_list":["post-135","page","type-page","status-publish","hentry"],"_links":{"self":[{"href":"https:\/\/clairetdegaillon.fr\/index.php\/wp-json\/wp\/v2\/pages\/135","targetHints":{"allow":["GET"]}}],"collection":[{"href":"https:\/\/clairetdegaillon.fr\/index.php\/wp-json\/wp\/v2\/pages"}],"about":[{"href":"https:\/\/clairetdegaillon.fr\/index.php\/wp-json\/wp\/v2\/types\/page"}],"author":[{"embeddable":true,"href":"https:\/\/clairetdegaillon.fr\/index.php\/wp-json\/wp\/v2\/users\/1"}],"replies":[{"embeddable":true,"href":"https:\/\/clairetdegaillon.fr\/index.php\/wp-json\/wp\/v2\/comments?post=135"}],"version-history":[{"count":4,"href":"https:\/\/clairetdegaillon.fr\/index.php\/wp-json\/wp\/v2\/pages\/135\/revisions"}],"predecessor-version":[{"id":154,"href":"https:\/\/clairetdegaillon.fr\/index.php\/wp-json\/wp\/v2\/pages\/135\/revisions\/154"}],"wp:attachment":[{"href":"https:\/\/clairetdegaillon.fr\/index.php\/wp-json\/wp\/v2\/media?parent=135"}],"curies":[{"name":"wp","href":"https:\/\/api.w.org\/{rel}","templated":true}]}}